{"id":8022,"date":"2022-06-14T09:41:23","date_gmt":"2022-06-14T07:41:23","guid":{"rendered":"https:\/\/szulokhaza.hu\/gyor\/?page_id=8022"},"modified":"2022-06-24T10:56:40","modified_gmt":"2022-06-24T08:56:40","slug":"hazirend","status":"publish","type":"page","link":"https:\/\/szulokhaza.hu\/gyor\/hazirend\/","title":{"rendered":"H\u00e1zirend"},"content":{"rendered":"<p>[et_pb_section fb_built=&#8221;1&#8243; _builder_version=&#8221;4.16&#8243; global_colors_info=&#8221;{}&#8221;][et_pb_row _builder_version=&#8221;4.17.4&#8243; hover_enabled=&#8221;0&#8243; z_index_tablet=&#8221;500&#8243; box_shadow_horizontal_tablet=&#8221;0px&#8221; box_shadow_vertical_tablet=&#8221;0px&#8221; box_shadow_blur_tablet=&#8221;40px&#8221; box_shadow_spread_tablet=&#8221;0px&#8221; global_colors_info=&#8221;{}&#8221; sticky_enabled=&#8221;0&#8243;][et_pb_column type=&#8221;4_4&#8243; _builder_version=&#8221;4.16&#8243; custom_padding=&#8221;|||&#8221; global_colors_info=&#8221;{}&#8221; custom_padding__hover=&#8221;|||&#8221;][et_pb_text _builder_version=&#8221;4.16&#8243; z_index_tablet=&#8221;500&#8243; text_text_shadow_horizontal_length_tablet=&#8221;0px&#8221; text_text_shadow_vertical_length_tablet=&#8221;0px&#8221; text_text_shadow_blur_strength_tablet=&#8221;1px&#8221; link_text_shadow_horizontal_length_tablet=&#8221;0px&#8221; link_text_shadow_vertical_length_tablet=&#8221;0px&#8221; link_text_shadow_blur_strength_tablet=&#8221;1px&#8221; ul_text_shadow_horizontal_length_tablet=&#8221;0px&#8221; ul_text_shadow_vertical_length_tablet=&#8221;0px&#8221; ul_text_shadow_blur_strength_tablet=&#8221;1px&#8221; ol_text_shadow_horizontal_length_tablet=&#8221;0px&#8221; ol_text_shadow_vertical_length_tablet=&#8221;0px&#8221; ol_text_shadow_blur_strength_tablet=&#8221;1px&#8221; quote_text_shadow_horizontal_length_tablet=&#8221;0px&#8221; quote_text_shadow_vertical_length_tablet=&#8221;0px&#8221; quote_text_shadow_blur_strength_tablet=&#8221;1px&#8221; header_text_shadow_horizontal_length_tablet=&#8221;0px&#8221; header_text_shadow_vertical_length_tablet=&#8221;0px&#8221; header_text_shadow_blur_strength_tablet=&#8221;1px&#8221; header_2_text_shadow_horizontal_length_tablet=&#8221;0px&#8221; header_2_text_shadow_vertical_length_tablet=&#8221;0px&#8221; header_2_text_shadow_blur_strength_tablet=&#8221;1px&#8221; header_3_text_shadow_horizontal_length_tablet=&#8221;0px&#8221; header_3_text_shadow_vertical_length_tablet=&#8221;0px&#8221; header_3_text_shadow_blur_strength_tablet=&#8221;1px&#8221; header_4_text_shadow_horizontal_length_tablet=&#8221;0px&#8221; header_4_text_shadow_vertical_length_tablet=&#8221;0px&#8221; header_4_text_shadow_blur_strength_tablet=&#8221;1px&#8221; header_5_text_shadow_horizontal_length_tablet=&#8221;0px&#8221; header_5_text_shadow_vertical_length_tablet=&#8221;0px&#8221; header_5_text_shadow_blur_strength_tablet=&#8221;1px&#8221; header_6_text_shadow_horizontal_length_tablet=&#8221;0px&#8221; header_6_text_shadow_vertical_length_tablet=&#8221;0px&#8221; header_6_text_shadow_blur_strength_tablet=&#8221;1px&#8221; box_shadow_horizontal_tablet=&#8221;0px&#8221; box_shadow_vertical_tablet=&#8221;0px&#8221; box_shadow_blur_tablet=&#8221;40px&#8221; box_shadow_spread_tablet=&#8221;0px&#8221; global_colors_info=&#8221;{}&#8221;]<\/p>\n<div class=\"body\">\n<h4><em>\u00a0(h\u00e1zirend tervezet)<\/em><\/h4>\n<div>\u00a0<\/div>\n<div style=\"text-align: left;\">\n<p><span><strong>Az ell\u00e1tott gyermekek k<\/strong><\/span><span><strong>\u00f6<\/strong><\/span><span><strong>re<\/strong><\/span><\/p>\n<p><span>\u00a0<\/span><\/p>\n<ol>\n<li><span> A csal\u00e1<\/span><span>di b<\/span><span>\u00f6<\/span><span>lcs\u0151de, csal\u00e1dban <\/span><span>\u00e9<\/span><span>l\u0151 20<\/span><span>\u00a0hetest<\/span><span>\u0151<\/span><span>l 3 <\/span><span>\u00e9<\/span><span>ves kor\u00fa gyermekeket fogad a sz\u00fcl\u0151<\/span><span>vel, t<\/span><span>\u00f6<\/span><span>rv<\/span><span>\u00e9<\/span><span>nyes k<\/span><span>\u00e9<\/span><span>pvisel\u0151vel k<\/span><span>\u00f6<\/span><span>t<\/span><span>\u00f6<\/span><span>tt meg\u00e1llapod\u00e1s alapj\u00e1n. <\/span>\n<p>&nbsp;<\/p>\n<\/li>\n<li><span> Az 1. pontban meghat\u00e1rozott <\/span><span>\u00e9<\/span><span>letkorn\u00e1l id\u0151sebb gyermek napk<\/span><span>\u00f6<\/span><span>zbeni ell\u00e1t\u00e1sban egyedi elb\u00edr\u00e1l\u00e1s alapj\u00e1n r<\/span><span>\u00e9<\/span><span>szes\u00fclhet.<\/span>\n<p>&nbsp;<\/p>\n<\/li>\n<li><span> A gyermek felv<\/span><span>\u00e9<\/span><span>tel<\/span><span>\u00e9<\/span><span>t a sz\u00fcl\u0151 a csal\u00e1<\/span><span>di b<\/span><span>\u00f6<\/span><span>lcs\u0151de \u00fcgyvezet\u0151j<\/span><span>\u00e9<\/span><span>n<\/span><span>\u00e9<\/span><span>l k<\/span><span>\u00e9<\/span><span>rheti, akivel meg\u00e1llapod\u00e1st k<\/span><span>\u00f6<\/span><span>t az ell\u00e1t\u00e1s kezdet<\/span><span>\u00e9<\/span><span>r\u0151l, v\u00e1rhat\u00f3 id\u0151tartam\u00e1r<\/span><span>\u00f3<\/span><span>l, valamint megsz\u00fcntet<\/span><span>\u00e9<\/span><span>s<\/span><span>\u00e9<\/span><span>nek m<\/span><span>\u00f3<\/span><span>dj\u00e1r<\/span><span>\u00f3<\/span><span>l. <\/span><\/li>\n<\/ol>\n<p><span>\u00a0<\/span><\/p>\n<p><span><strong>Nyitvatart\u00e1<\/strong><\/span><span><strong>si id<\/strong><\/span><span><strong>\u0151<\/strong><\/span><\/p>\n<p><span>4. <\/span><span style=\"font-size: 16px;\">A csal\u00e1<\/span><span style=\"font-size: 16px;\">di b<\/span><span style=\"font-size: 16px;\">\u00f6<\/span><span style=\"font-size: 16px;\">lcs\u0151de nyilv\u00e1ntart\u00e1si ideje ig<\/span><span style=\"font-size: 16px;\">\u00e9<\/span><span style=\"font-size: 16px;\">ny szerint el\u0151re egyeztetve munkanapokon reggel 08:00-t<\/span><span style=\"font-size: 16px;\">\u00f3<\/span><span style=\"font-size: 16px;\">l d<\/span><span style=\"font-size: 16px;\">\u00e9<\/span><span style=\"font-size: 16px;\">lut\u00e1n 16.00 <\/span><span style=\"font-size: 16px;\">\u00f3<\/span><span style=\"font-size: 16px;\">r\u00e1ig tart.<\/span><\/p>\n<p><span>\u00a0<\/span><span style=\"font-size: 16px;\">\u00a0<\/span><\/p>\n<p><span><strong>\u00c9<\/strong><\/span><span><strong>tkeztet<\/strong><\/span><span><strong>\u00e9<\/strong><\/span><span><strong>s<\/strong><\/span><\/p>\n<p><span><strong>\u00a0<\/strong><\/span><\/p>\n<ol start=\"5\">\n<li><span> A csal\u00e1<\/span><span>di b<\/span><span>\u00f6<\/span><span>lcs\u0151de gondoskodik a gyermek n<\/span><span>\u00e9<\/span><span>gyszeri <\/span><span>\u00e9<\/span><span>tkeztet<\/span><span>\u00e9<\/span><span>s<\/span><span>\u00e9<\/span><span>r\u0151l, a gyermekek <\/span><span>\u00e9<\/span><span>trendj<\/span><span>\u00e9<\/span><span>t az O<\/span><span>\u00c9<\/span><span>TI aj\u00e1nl\u00e1s\u00e1ban megfogalmazottaknak megfelel\u0151en \u00e1ll\u00edtjuk <\/span><span>\u00f6<\/span><span>ssze, tekintettel a gyermekek korcsoportj\u00e1ra.<\/span>\n<p>&nbsp;<\/p>\n<\/li>\n<li><span> A csal\u00e1<\/span><span>di b<\/span><span>\u00f6<\/span><span>lcs\u0151d<\/span><span>\u00e9<\/span><span>t ig<\/span><span>\u00e9<\/span><span>nybe vev\u0151 sz\u00fcl\u0151, t<\/span><span>\u00f6<\/span><span>rv<\/span><span>\u00e9<\/span><span>nyes k<\/span><span>\u00e9<\/span><span>pvisel\u0151 k<\/span><span>\u00f6<\/span><span>teles a szolg\u00e1<\/span><span>ltat<\/span><span>\u00e1s megkezd<\/span><span>\u00e9<\/span><span>se el<\/span><span>\u0151tt az ell\u00e1t\u00e1st v<\/span><span>\u00e9<\/span><span>gz\u0151t t\u00e1j<\/span><span>\u00e9<\/span><span>koztatni a gyermek<\/span><span>\u00e9<\/span><span>tkez<\/span><span>\u00e9<\/span><span>ssel kapcsolatosan kialakult egy<\/span><span>\u00e9<\/span><span>ni szok\u00e1<\/span><span>sair<\/span><span>\u00f3<\/span><span>l, esetleges <\/span><span>\u00e9<\/span><span>lelmiszerallergi\u00e1r<\/span><span>\u00f3<\/span><span>l, speci<\/span><span>\u00e1lis <\/span><span>\u00e9trendr<\/span><span>\u0151<\/span><span>l stb.<\/span><\/li>\n<\/ol>\n<p><span>\u00a0<\/span><span style=\"font-size: 16px;\">\u00a0<\/span><\/p>\n<p><span><strong>Napirend<\/strong><\/span><\/p>\n<p><span><strong>\u00a0<\/strong><\/span><\/p>\n<ol start=\"7\">\n<li><span> A csal\u00e1<\/span><span>di b<\/span><span>\u00f6<\/span><span>lcs\u0151de az <\/span><span>\u00e9<\/span><span>vszakhoz, a gyermek <\/span><span>\u00e9<\/span><span>letkor\u00e1hoz, fejletts<\/span><span>\u00e9<\/span><span>gi szintj<\/span><span>\u00e9<\/span><span>hez igazod\u00f3 rugalmas napirendet alak\u00edt ki, amely az <\/span><span>\u00e9<\/span><span>tkez<\/span><span>\u00e9s, leveg<\/span><span>\u0151z<\/span><span>\u00e9<\/span><span>s, j\u00e1t<\/span><span>\u00e9<\/span><span>k, gondoz\u00e1si tev<\/span><span>\u00e9<\/span><span>kenys<\/span><span>\u00e9<\/span><span>g rendszeres napi teend\u0151ib\u0151l \u00e1ll; gondoz<\/span><span>\u00f3<\/span><span>tev<\/span><span>\u00e9<\/span><span>kenys<\/span><span>\u00e9<\/span><span>ge sor<\/span><span>\u00e1n harmonikus l<\/span><span>\u00e9<\/span><span>gk<\/span><span>\u00f6<\/span><span>rt, balesetmentes, eszt<\/span><span>\u00e9<\/span><span>tikus k<\/span><span>\u00f6<\/span><span>rnyezetet biztos\u00edt a gyermekek sz\u00e1m\u00e1ra; <\/span><span>\u00f6<\/span><span>szt<\/span><span>\u00f6<\/span><span>nzi a gyermekek kreat\u00edv, <\/span><span>\u00f6<\/span><span>n\u00e1ll\u00f3 tev<\/span><span>\u00e9<\/span><span>kenys<\/span><span>\u00e9<\/span><span>g<\/span><span>\u00e9<\/span><span>t. A csoportban a napirend kialak\u00edt\u00e1sa a kult\u00fara k\u00fcl<\/span><span>\u00f6<\/span><span>nb<\/span><span>\u00f6<\/span><span>z\u0151 megjelen<\/span><span>\u00e9<\/span><span>si form<\/span><span>\u00e1inak seg\u00edts<\/span><span>\u00e9<\/span><span>g<\/span><span>\u00e9<\/span><span>vel t<\/span><span>\u00f6<\/span><span>rt<\/span><span>\u00e9<\/span><span>nik. A h<\/span><span>\u00e9<\/span><span>t <\/span><span>\u00f6<\/span><span>t napj\u00e1n, ennek megfelel\u0151en mindig m\u00e1s <\/span><span>\u00e9<\/span><span>s m\u00e1s k<\/span><span>\u00f6<\/span><span>r<\/span><span>\u00e9 <\/span><span>csoportosul az aktu\u00e1<\/span><span>lis t<\/span><span>\u00e9<\/span><span>m\u00e1k <\/span><\/li>\n<\/ol>\n<p><span>\u00a0<\/span><span style=\"font-size: 16px;\">\u00a0<\/span><\/p>\n<p><span><strong>Egy\u00fcttm\u0171k<\/strong><\/span><span><strong>\u00f6<\/strong><\/span><span><strong>d<\/strong><\/span><span><strong>\u00e9<\/strong><\/span><span><strong>s a sz\u00fcl\u0151<\/strong><\/span><span><strong>kkel<\/strong><\/span><\/p>\n<p><span><strong>\u00a0<\/strong><\/span><\/p>\n<ol start=\"8\">\n<li><span> Kiemelt fontoss\u00e1g\u00fa feladat a gyermekek csal\u00e1djai <\/span><span>\u00e9<\/span><span>s a napk<\/span><span>\u00f6<\/span><span>zi k<\/span><span>\u00f6<\/span><span>z<\/span><span>\u00f6<\/span><span>tti egy\u00fcttm\u0171k<\/span><span>\u00f6<\/span><span>d<\/span><span>\u00e9<\/span><span>s biztos\u00edt\u00e1sa. A csal\u00e1d <\/span><span>\u00e9<\/span><span>s a k<\/span><span>\u00f6<\/span><span>z<\/span><span>\u00f6<\/span><span>ss<\/span><span>\u00e9<\/span><span>gi nevel<\/span><span>\u00e9<\/span><span>s <\/span><span>\u00f6<\/span><span>sszhangj\u00e1t kell teh\u00e1t megteremteni. A sz\u00fcl\u0151kkel val\u00f3 korrekt, szoros, mindennapi kapcsolattart\u00e1s, a k<\/span><span>\u00f6<\/span><span>lcs<\/span><span>\u00f6<\/span><span>n<\/span><span>\u00f6<\/span><span>s bizalom seg\u00edti az <\/span><span>\u00f6<\/span><span>sszhang megteremt<\/span><span>\u00e9<\/span><span>s<\/span><span>\u00e9<\/span><span>t. A sz\u00fcl\u0151k <\/span><span>\u00e9<\/span><span>s a napk<\/span><span>\u00f6<\/span><span>zi folyamatosan, k<\/span><span>\u00f6<\/span><span>lcs<\/span><span>\u00f6<\/span><span>n<\/span><span>\u00f6<\/span><span>sen t<\/span><span>\u00e1j<\/span><span>\u00e9<\/span><span>koztatj\u00e1k egym\u00e1st a gyermek fejl\u0151d<\/span><span>\u00e9<\/span><span>s<\/span><span>\u00e9<\/span><span>r\u0151l; ez alapvet\u0151 fontoss\u00e1g\u00fa a szem<\/span><span>\u00e9<\/span><span>lyre sz<\/span><span>\u00f3<\/span><span>l\u00f3 csal\u00e1<\/span><span>di b<\/span><span>\u00f6<\/span><span>lcs\u0151de gondoz\u00e1s-nevel<\/span><span>\u00e9<\/span><span>s kialak\u00edt\u00e1s\u00e1ban, <\/span><span>\u00e9<\/span><span>s a csal\u00e1dokat is seg\u00edti gyermek\u00fck nevel<\/span><span>\u00e9<\/span><span>s<\/span><span>\u00e9<\/span><span>ben. A t\u00e1j<\/span><span>\u00e9<\/span><span>koztat\u00e1s mindig \u0151szinte, hiteles, szem<\/span><span>\u00e9<\/span><span>lyes hangv<\/span><span>\u00e9<\/span><span>tel\u0171, etikai szempontb<\/span><span>\u00f3<\/span><span>l megfelel\u0151, az <\/span><span>\u00e9<\/span><span>rintettek szem<\/span><span>\u00e9<\/span><span>lyis<\/span><span>\u00e9<\/span><span>gi jogait tiszteletben tart<\/span><span>\u00f3<\/span><span>.<\/span>\n<p>&nbsp;<\/p>\n<\/li>\n<li><span> A sz\u00fcl\u0151vel felmer\u00fcl\u0151 b\u00e1rmilyen probl<\/span><span>\u00e9<\/span><span>ma vagy konfliktus keletkez<\/span><span>\u00e9<\/span><span>s<\/span><span>\u00e9<\/span><span>nek <\/span><span>\u00e9<\/span><span>szlel<\/span><span>\u00e9<\/span><span>se eset<\/span><span>\u00e9<\/span><span>n a csal\u00e1<\/span><span>di b<\/span><span>\u00f6<\/span><span>lcs\u0151de munkat\u00e1rsai jelzik a b<\/span><span>\u00f6<\/span><span>lcs\u0151de vezet\u0151j<\/span><span>\u00e9<\/span><span>nek, aki r<\/span><span>\u00e9<\/span><span>szt vesz a kompromisszum-keres\u0151 folyamatban. <\/span>\n<p>&nbsp;<\/p>\n<\/li>\n<li><span> A csal\u00e1<\/span><span>di b<\/span><span>\u00f6<\/span><span>lcs\u0151de munkat\u00e1rsai ellenkez\u0151 meg\u00e1llapod\u00e1<\/span><span>s hi<\/span><span>\u00e1ny\u00e1ban csak a csal\u00e1<\/span><span>di b<\/span><span>\u00f6<\/span><span>lcs\u0151d<\/span><span>\u00e9<\/span><span>vel szerz\u0151d<\/span><span>\u00e9<\/span><span>st k<\/span><span>\u00f6<\/span><span>t\u0151 szem<\/span><span>\u00e9<\/span><span>lyeknek adhatj\u00e1k \u00e1t a gyermeket. A sz\u00fcl\u0151, t<\/span><span>\u00f6<\/span><span>rv<\/span><span>\u00e9<\/span><span>nyes k<\/span><span>\u00e9<\/span><span>pvisel\u0151 m\u00e1s szem<\/span><span>\u00e9<\/span><span>lyt csak \u00edr\u00e1sban jel<\/span><span>\u00f6<\/span><span>lhet meg. Amennyiben az \u00edr\u00e1sbelis<\/span><span>\u00e9<\/span><span>gre <\/span><span>\u2013 v\u00e1ratlan akad\u00e1ly eset<\/span><span>\u00e9<\/span><span>n \u2013 nincs lehet\u0151s<\/span><span>\u00e9<\/span><span>g a sz\u00fcl\u0151, t<\/span><span>\u00f6<\/span><span>rv<\/span><span>\u00e9<\/span><span>nyes k<\/span><span>\u00e9<\/span><span>pvisel\u0151 telefonon vagy emailben k<\/span><span>\u00f6<\/span><span>teles <\/span><span>\u00e9<\/span><span>rtes<\/span><span>\u00edteni a csal\u00e1<\/span><span>di b<\/span><span>\u00f6<\/span><span>lcs\u0151de munkat\u00e1<\/span><span>rsait arr<\/span><span>\u00f3<\/span><span>l, hogy ki viheti el gyermek<\/span><span>\u00e9<\/span><span>t.<\/span>\n<p>&nbsp;<\/p>\n<\/li>\n<li><span> A csal\u00e1<\/span><span>di b<\/span><span>\u00f6<\/span><span>lcs\u0151de csak a meg\u00e1llapod\u00e1sban megjel<\/span><span>\u00f6<\/span><span>lt gyermek r<\/span><span>\u00e9<\/span><span>sz<\/span><span>\u00e9<\/span><span>re ny\u00fajt szolg\u00e1<\/span><span>ltat<\/span><span>\u00e1st.<\/span><\/li>\n<\/ol>\n<p><span>\u00a0<\/span><span style=\"font-size: 16px;\">\u00a0<\/span><\/p>\n<p><span><strong>Eg<\/strong><\/span><span><strong>\u00e9<\/strong><\/span><span><strong>szs<\/strong><\/span><span><strong>\u00e9<\/strong><\/span><span><strong>g\u00fcgyi ell\u00e1t\u00e1s, betegs<\/strong><\/span><span><strong>\u00e9<\/strong><\/span><span><strong>g, balesetv<\/strong><\/span><span><strong>\u00e9<\/strong><\/span><span><strong>delem<\/strong><\/span><\/p>\n<p><span><strong>\u00a0<\/strong><\/span><\/p>\n<ol start=\"12\">\n<li><span> A gondoz\u00e1s megkezd<\/span><span>\u00e9<\/span><span>se el<\/span><span>\u0151tt a gyermekorvos igazol\u00e1s\u00e1t a sz\u00fcl\u0151 \u00e1tadja arr<\/span><span>\u00f3<\/span><span>l, hogy a gyermek eg<\/span><span>\u00e9<\/span><span>szs<\/span><span>\u00e9ges \u00e9<\/span><span>s k<\/span><span>\u00f6<\/span><span>z<\/span><span>\u00f6<\/span><span>ss<\/span><span>\u00e9<\/span><span>gbe mehet. Betegs<\/span><span>\u00e9<\/span><span>g miatti hi\u00e1nyz\u00e1st k<\/span><span>\u00f6<\/span><span>vet\u0151en az ell\u00e1t\u00e1s folytat\u00e1s\u00e1nak felt<\/span><span>\u00e9<\/span><span>tele a gyermek gy<\/span><span>\u00f3<\/span><span>gyults\u00e1g\u00e1t tan\u00fas\u00edt\u00f3 h\u00e1ziorvosi igazol\u00e1s \u00e1<\/span><span>tad<\/span><span>\u00e1sa a csal\u00e1<\/span><span>di b<\/span><span>\u00f6<\/span><span>lcs\u0151de valamely munkat\u00e1rs\u00e1nak. <\/span>\n<p>&nbsp;<\/p>\n<\/li>\n<li><span> A sz\u00fcl\u0151, t<\/span><span>\u00f6<\/span><span>rv<\/span><span>\u00e9<\/span><span>nyes k<\/span><span>\u00e9<\/span><span>pvisel\u0151 a gyermek betegs<\/span><span>\u00e9<\/span><span>g<\/span><span>\u00e9<\/span><span>t legk<\/span><span>\u00e9<\/span><span>s\u0151bb a t\u00e1rgynap reggel<\/span><span>\u00e9<\/span><span>n 9.00 <\/span><span>\u00f3<\/span><span>r\u00e1<\/span><span>ig k<\/span><span>\u00f6<\/span><span>teles az ell\u00e1t\u00e1st v<\/span><span>\u00e9<\/span><span>gz\u0151nek jelezni, ellenkez\u0151 esetben a csal\u00e1<\/span><span>di b<\/span><span>\u00f6<\/span><span>lcs\u0151de az <\/span><span>\u00e9<\/span><span>tkez<\/span><span>\u00e9<\/span><span>si d<\/span><span>\u00edj napi <\/span><span>\u00f6<\/span><span>sszeg<\/span><span>\u00e9<\/span><span>t nem t<\/span><span>\u00e9<\/span><span>r\u00edti vissza. <\/span>\n<p>&nbsp;<\/p>\n<\/li>\n<li><span> A csal\u00e1<\/span><span>di b<\/span><span>\u00f6<\/span><span>lcs\u0151<\/span><span>de l<\/span><span>\u00e1zas (37.1 C fok feletti testh\u0151m<\/span><span>\u00e9<\/span><span>rs<\/span><span>\u00e9<\/span><span>klet\u0171) vagy fert\u0151z\u0151 beteg (z<\/span><span>\u00f6<\/span><span>ld sz\u00edn\u0171 orrfoly\u00e1s eset<\/span><span>\u00e9<\/span><span>t is bele<\/span><span>\u00e9<\/span><span>rtve), illetve h\u00e1ny\u00e1s vagy hasmen<\/span><span>\u00e9<\/span><span>ses gyermeket nem fogad. Amennyiben a gyermek napk<\/span><span>\u00f6<\/span><span>zben bel\u00e1zasodik, a csal\u00e1<\/span><span>di b<\/span><span>\u00f6<\/span><span>lcs\u0151de munkat\u00e1rsa a sz\u00fcl\u0151t <\/span><span>\u00e9<\/span><span>rtes<\/span><span>\u00ed<\/span><span>ti <\/span><span>\u00e9<\/span><span>s a sz\u00fcl\u0151vel egyeztetett m<\/span><span>\u00f3<\/span><span>don h\u00e1ziorvost h\u00edv. A sz\u00fcl\u0151 a gyermeket az <\/span><span>\u00e9<\/span><span>rtes<\/span><span>\u00edt<\/span><span>\u00e9<\/span><span>st\u0151l sz\u00e1m\u00edtott 1 <\/span><span>\u00f3<\/span><span>r\u00e1n bel\u00fcl k<\/span><span>\u00f6<\/span><span>teles hazavinni.<\/span>\n<p>&nbsp;<\/p>\n<\/li>\n<li><span> A csal\u00e1<\/span><span>di b<\/span><span>\u00f6<\/span><span>lcs\u0151de gy<\/span><span>\u00f3<\/span><span>gyszert csak \u00edr\u00e1sbeli meg\u00e1llapod\u00e1s alapj\u00e1n vehet \u00e1t a sz\u00fcl\u0151t\u0151l, t<\/span><span>\u00f6<\/span><span>rv<\/span><span>\u00e9<\/span><span>nyes k<\/span><span>\u00e9<\/span><span>pvisel\u0151t\u0151l, amelyben r<\/span><span>\u00f6<\/span><span>gz\u00edteni kell, azt hogy a gy<\/span><span>\u00f3<\/span><span>gyszert milyen gyakoris\u00e1ggal kell a gyermeknek adni.<\/span><\/li>\n<\/ol>\n<p><span>\u00a016. <\/span><span style=\"font-size: 16px;\">A sz\u00fcl\u0151, t<\/span><span style=\"font-size: 16px;\">\u00f6<\/span><span style=\"font-size: 16px;\">rv<\/span><span style=\"font-size: 16px;\">\u00e9<\/span><span style=\"font-size: 16px;\">nyes k<\/span><span style=\"font-size: 16px;\">\u00e9<\/span><span style=\"font-size: 16px;\">pvisel\u0151 biztos\u00edtja a gyermek szem<\/span><span style=\"font-size: 16px;\">\u00e9<\/span><span style=\"font-size: 16px;\">lyes higi<\/span><span style=\"font-size: 16px;\">\u00e9<\/span><span style=\"font-size: 16px;\">n<\/span><span style=\"font-size: 16px;\">\u00e9<\/span><span style=\"font-size: 16px;\">s eszk<\/span><span style=\"font-size: 16px;\">\u00f6<\/span><span style=\"font-size: 16px;\">zeit <\/span><span style=\"font-size: 16px;\">\u00e9<\/span><span style=\"font-size: 16px;\">s azok \u00e1lland\u00f3 szinten tart\u00e1s\u00e1t a csal\u00e1<\/span><span style=\"font-size: 16px;\">di b<\/span><span style=\"font-size: 16px;\">\u00f6<\/span><span style=\"font-size: 16px;\">lcs\u0151d<\/span><span style=\"font-size: 16px;\">\u00e9<\/span><span style=\"font-size: 16px;\">vel egyeztetett m<\/span><span style=\"font-size: 16px;\">\u00f3<\/span><span style=\"font-size: 16px;\">don (pelenka, fogkr<\/span><span style=\"font-size: 16px;\">\u00e9<\/span><span style=\"font-size: 16px;\">m, fogkefe, f<\/span><span style=\"font-size: 16px;\">\u00e9<\/span><span style=\"font-size: 16px;\">s\u0171).<\/span><\/p>\n<p><span style=\"font-size: 16px;\">17. Az ell\u00e1t\u00e1s helysz\u00edn<\/span><span style=\"font-size: 16px;\">\u00e9<\/span><span style=\"font-size: 16px;\">n a csal\u00e1<\/span><span style=\"font-size: 16px;\">di b<\/span><span style=\"font-size: 16px;\">\u00f6<\/span><span style=\"font-size: 16px;\">lcs\u0151de a balesetv<\/span><span style=\"font-size: 16px;\">\u00e9<\/span><span style=\"font-size: 16px;\">delmi felt<\/span><span style=\"font-size: 16px;\">\u00e9<\/span><span style=\"font-size: 16px;\">teleket biztos\u00edtja, amelyeket a vezet\u0151 rendszeresen ellen\u0151riz.<\/span><\/p>\n<p><span>\u00a0<\/span><\/p>\n<p><span>\u00a0<\/span><\/p>\n<p><span><strong>A gyermek megismer<\/strong><\/span><span><strong>\u00e9<\/strong><\/span><span><strong>s<\/strong><\/span><span><strong>\u00e9<\/strong><\/span><span><strong>nek eszk<\/strong><\/span><span><strong>\u00f6<\/strong><\/span><span><strong>zei, az ell\u00e1t\u00e1s min\u0151s<\/strong><\/span><span><strong>\u00e9<\/strong><\/span><span><strong>g<\/strong><\/span><span><strong>\u00e9<\/strong><\/span><span><strong>nek biztos\u00edt\u00e1sa<\/strong><\/span><\/p>\n<p><span><strong>\u00a0<\/strong><\/span><\/p>\n<ol start=\"18\">\n<li><span> A sz\u00fcl\u0151 v\u00e1llalja, hogy egy\u00fcttm\u0171k<\/span><span>\u00f6<\/span><span>dik a gyermek megismer<\/span><span>\u00e9<\/span><span>s<\/span><span>\u00e9<\/span><span>t szolg\u00e1l\u00f3 k<\/span><span>\u00e9<\/span><span>rd\u0151\u00edv kit<\/span><span>\u00f6<\/span><span>lt<\/span><span>\u00e9<\/span><span>s<\/span><span>\u00e9<\/span><span>ben <\/span><span>\u00e9<\/span><span>s az id\u0151k<\/span><span>\u00f6<\/span><span>zben bek<\/span><span>\u00f6<\/span><span>vetkezett v\u00e1ltoz\u00e1sok regisztr\u00e1l\u00e1s\u00e1ban. A k<\/span><span>\u00e9<\/span><span>rd\u0151\u00edvben r<\/span><span>\u00f6<\/span><span>gz\u00edtett inform\u00e1ci<\/span><span>\u00f3<\/span><span>k csak <\/span><span>\u00f6<\/span><span>sszefoglalj\u00e1k, de nem helyettes\u00edthetik a gyermek gondoz\u00e1s\u00e1hoz elengedhetetlen, szem<\/span><span>\u00e9<\/span><span>lyesen megbesz<\/span><span>\u00e9<\/span><span>lt gondoz\u00e1si szempontokat.<\/span><\/li>\n<\/ol>\n<p><span>\u00a0<\/span><\/p>\n<ol start=\"19\">\n<li><span> A sz\u00fcl\u0151 hozz\u00e1j\u00e1rul, hogy az ell\u00e1t\u00e1<\/span><span>s sor<\/span><span>\u00e1n a gyermek fejl\u0151d<\/span><span>\u00e9<\/span><span>s<\/span><span>\u00e9<\/span><span>nek dokument\u00e1l\u00e1s\u00e1ra, bels\u0151 haszn\u00e1latra gyermek<\/span><span>\u00e9<\/span><span>r\u0151l f<\/span><span>\u00e9<\/span><span>nyk<\/span><span>\u00e9<\/span><span>p- <\/span><span>\u00e9<\/span><span>s videofelv<\/span><span>\u00e9<\/span><span>telek k<\/span><span>\u00e9<\/span><span>sz\u00fcljenek. <\/span><\/li>\n<\/ol>\n<p><span>\u00a0<\/span><\/p>\n<ol start=\"20\">\n<li><span> A sz\u00fcl\u0151 v\u00e1llalja, hogy egy\u00fcttm\u0171k<\/span><span>\u00f6<\/span><span>dik a t\u00e1rsas\u00e1g munkat\u00e1rsaival a csal\u00e1<\/span><span>di b<\/span><span>\u00f6<\/span><span>lcs\u0151<\/span><span>de hat<\/span><span>\u00e9<\/span><span>konys\u00e1g\u00e1ra vonatkoz\u00f3 k<\/span><span>\u00e9<\/span><span>rd\u0151\u00edv kit<\/span><span>\u00f6<\/span><span>lt<\/span><span>\u00e9<\/span><span>s<\/span><span>\u00e9<\/span><span>ben. <\/span><\/li>\n<\/ol>\n<p><span>\u00a0<\/span><\/p>\n<p><span>\u00a0<\/span><\/p>\n<p><span><strong>D\u00edjfizet<\/strong><\/span><span><strong>\u00e9<\/strong><\/span><span><strong>s<\/strong><\/span><\/p>\n<p><span>\u00a0<\/span><\/p>\n<ol start=\"21\">\n<li><span>Minden t\u00e1rgyh<\/span><span>\u00f3<\/span><span>nap 10.-ig t\u00f6rt\u00e9nik. A d\u00edjfizet\u00e9s lehet \u00e1tutal\u00e1s, k\u00e1rty\u00e1s fizet\u00e9s \u00e9s k\u00e9szp\u00e9nz is.\u00a0<\/span><\/li>\n<\/ol>\n<p><span>\u00a0<\/span><\/p>\n<p><span>\u00a0<\/span><span style=\"font-size: 16px;\">\u00a0<\/span><span style=\"font-size: 16px;\"><\/span><\/p>\n<p><strong>Csal\u00e1di b\u00f6lcs\u0151de neve:<\/strong> Sz\u00fcl\u0151k H\u00e1za CSUPASZ\u00cdV \/ CSUPASZ\u00cdN Csal\u00e1di b\u00f6lcs\u0151de<\/p>\n<p><strong>C\u00edme:<\/strong> 9022, Gy\u0151r, G\u00e1rdonyi G\u00e9za u. 3.<\/p>\n<p><strong>Nyitva tart\u00e1s:<\/strong> H-P 08:00 \u2013 16:00-ig<\/p>\n<p><strong>F\u00e9r\u0151helysz\u00e1m:<\/strong> 8.<\/p>\n<p><strong>E-mail:<\/strong> szulokhazagyor@szulokhaza.hu,<\/p>\n<p><strong>Honlap:<\/strong> www.szulokhaza.hu\/gyor<\/p>\n<p><strong>Telefon:<\/strong> 06 (20) 231-6261<\/p>\n<p>&nbsp;<\/p>\n<p>\u00a0<span style=\"font-size: 16px;\">Fenntart\u00f3 neve: Kommuni\u00f3 Alap\u00edtv\u00e1ny<\/span><\/p>\n<p>Sz\u00e9khely: 1124, Budapest, Hegyalja \u00fat 123.<\/p>\n<p>Eln\u00f6ke: Juh\u00e1sz Lilla Izabella<\/p>\n<p>K\u00e9pviseli: K\u0151r\u00f6si Bernadett<\/p>\n<p>&nbsp;<\/p>\n<\/div>\n<\/div>\n<p>[\/et_pb_text][\/et_pb_column][\/et_pb_row][\/et_pb_section]<\/p>\n","protected":false},"excerpt":{"rendered":"<p>\u00a0(h\u00e1zirend tervezet) \u00a0 Az ell\u00e1tott gyermekek k\u00f6re \u00a0 A csal\u00e1di b\u00f6lcs\u0151de, csal\u00e1dban \u00e9l\u0151 20\u00a0hetest\u0151l 3 \u00e9ves kor\u00fa gyermekeket fogad a sz\u00fcl\u0151vel, t\u00f6rv\u00e9nyes k\u00e9pvisel\u0151vel k\u00f6t\u00f6tt meg\u00e1llapod\u00e1s alapj\u00e1n. &nbsp; Az 1. pontban meghat\u00e1rozott \u00e9letkorn\u00e1l id\u0151sebb gyermek napk\u00f6zbeni ell\u00e1t\u00e1sban egyedi elb\u00edr\u00e1l\u00e1s alapj\u00e1n r\u00e9szes\u00fclhet. &nbsp; A gyermek felv\u00e9tel\u00e9t a sz\u00fcl\u0151 a csal\u00e1di b\u00f6lcs\u0151de \u00fcgyvezet\u0151j\u00e9n\u00e9l k\u00e9rheti, akivel meg\u00e1llapod\u00e1st k\u00f6t az [&hellip;]<\/p>\n","protected":false},"author":2561,"featured_media":0,"parent":0,"menu_order":0,"comment_status":"closed","ping_status":"closed","template":"","meta":{"_seopress_robots_primary_cat":"","_seopress_titles_title":"","_seopress_titles_desc":"","_seopress_robots_index":"","_et_pb_use_builder":"on","_et_pb_old_content":"","_et_gb_content_width":"","footnotes":""},"class_list":["post-8022","page","type-page","status-publish","hentry"],"_links":{"self":[{"href":"https:\/\/szulokhaza.hu\/gyor\/wp-json\/wp\/v2\/pages\/8022","targetHints":{"allow":["GET"]}}],"collection":[{"href":"https:\/\/szulokhaza.hu\/gyor\/wp-json\/wp\/v2\/pages"}],"about":[{"href":"https:\/\/szulokhaza.hu\/gyor\/wp-json\/wp\/v2\/types\/page"}],"author":[{"embeddable":true,"href":"https:\/\/szulokhaza.hu\/gyor\/wp-json\/wp\/v2\/users\/2561"}],"replies":[{"embeddable":true,"href":"https:\/\/szulokhaza.hu\/gyor\/wp-json\/wp\/v2\/comments?post=8022"}],"version-history":[{"count":4,"href":"https:\/\/szulokhaza.hu\/gyor\/wp-json\/wp\/v2\/pages\/8022\/revisions"}],"predecessor-version":[{"id":8114,"href":"https:\/\/szulokhaza.hu\/gyor\/wp-json\/wp\/v2\/pages\/8022\/revisions\/8114"}],"wp:attachment":[{"href":"https:\/\/szulokhaza.hu\/gyor\/wp-json\/wp\/v2\/media?parent=8022"}],"curies":[{"name":"wp","href":"https:\/\/api.w.org\/{rel}","templated":true}]}}